{"version":"1.0","provider_name":"Viento Sur","provider_url":"https:\/\/vientosur.unla.edu.ar","title":"Del Estado a la comunidad - Viento Sur","type":"rich","width":600,"height":338,"html":"<blockquote class=\"wp-embedded-content\" data-secret=\"pwUV9vts3P\"><a href=\"https:\/\/vientosur.unla.edu.ar\/index.php\/del-estado-a-la-comunidad\/\">Del Estado a la comunidad<\/a><\/blockquote><iframe sandbox=\"allow-scripts\" security=\"restricted\" src=\"https:\/\/vientosur.unla.edu.ar\/index.php\/del-estado-a-la-comunidad\/embed\/#?secret=pwUV9vts3P\" width=\"600\" height=\"338\" title=\"\u00abDel Estado a la comunidad\u00bb \u2014 Viento Sur\" data-secret=\"pwUV9vts3P\" frameborder=\"0\" marginwidth=\"0\" marginheight=\"0\" scrolling=\"no\" class=\"wp-embedded-content\"><\/iframe><script>\n\/*! This file is auto-generated *\/\n!function(d,l){\"use strict\";l.querySelector&&d.addEventListener&&\"undefined\"!=typeof URL&&(d.wp=d.wp||{},d.wp.receiveEmbedMessage||(d.wp.receiveEmbedMessage=function(e){var t=e.data;if((t||t.secret||t.message||t.value)&&!\/[^a-zA-Z0-9]\/.test(t.secret)){for(var s,r,n,a=l.querySelectorAll('iframe[data-secret=\"'+t.secret+'\"]'),o=l.querySelectorAll('blockquote[data-secret=\"'+t.secret+'\"]'),c=new RegExp(\"^https?:$\",\"i\"),i=0;i<o.length;i++)o[i].style.display=\"none\";for(i=0;i<a.length;i++)s=a[i],e.source===s.contentWindow&&(s.removeAttribute(\"style\"),\"height\"===t.message?(1e3<(r=parseInt(t.value,10))?r=1e3:~~r<200&&(r=200),s.height=r):\"link\"===t.message&&(r=new URL(s.getAttribute(\"src\")),n=new URL(t.value),c.test(n.protocol))&&n.host===r.host&&l.activeElement===s&&(d.top.location.href=t.value))}},d.addEventListener(\"message\",d.wp.receiveEmbedMessage,!1),l.addEventListener(\"DOMContentLoaded\",function(){for(var e,t,s=l.querySelectorAll(\"iframe.wp-embedded-content\"),r=0;r<s.length;r++)(t=(e=s[r]).getAttribute(\"data-secret\"))||(t=Math.random().toString(36).substring(2,12),e.src+=\"#?secret=\"+t,e.setAttribute(\"data-secret\",t)),e.contentWindow.postMessage({message:\"ready\",secret:t},\"*\")},!1)))}(window,document);\n\/\/# sourceURL=https:\/\/vientosur.unla.edu.ar\/wp-includes\/js\/wp-embed.min.js\n<\/script>\n","thumbnail_url":"https:\/\/vientosur.unla.edu.ar\/wp-content\/uploads\/2016\/12\/42.Defensa-ley-de-medios-en-Mendoza-15.jpg","thumbnail_width":6016,"thumbnail_height":4016,"description":"La Ley de Medios El Modelo de Comunicaci\u00f3n del Bicentenario puesto en marcha en la D\u00e9cada Ganada, est\u00f3 integrado en primera instancia por la Ley de Servicios de Comunicaci\u00f3n Audiovisual, un hecho pol\u00edtico revolucionario, tomado como ejemplo en el mundo entero. La Ley 26.522 de Servicios de Comunicaci\u00f3n Audiovisual, conocida popularmente como \u201cLey de Medios\u201d, [&hellip;]"}