{"version":"1.0","provider_name":"Viento Sur","provider_url":"https:\/\/vientosur.unla.edu.ar","title":"El D\u00eda de la Independencia - Viento Sur","type":"rich","width":600,"height":338,"html":"<blockquote class=\"wp-embedded-content\" data-secret=\"lDClFDrtiH\"><a href=\"https:\/\/vientosur.unla.edu.ar\/index.php\/dia-la-independencia\/\">El D\u00eda de la Independencia<\/a><\/blockquote><iframe sandbox=\"allow-scripts\" security=\"restricted\" src=\"https:\/\/vientosur.unla.edu.ar\/index.php\/dia-la-independencia\/embed\/#?secret=lDClFDrtiH\" width=\"600\" height=\"338\" title=\"\u00abEl D\u00eda de la Independencia\u00bb \u2014 Viento Sur\" data-secret=\"lDClFDrtiH\" frameborder=\"0\" marginwidth=\"0\" marginheight=\"0\" scrolling=\"no\" class=\"wp-embedded-content\"><\/iframe><script>\n\/*! This file is auto-generated *\/\n!function(d,l){\"use strict\";l.querySelector&&d.addEventListener&&\"undefined\"!=typeof URL&&(d.wp=d.wp||{},d.wp.receiveEmbedMessage||(d.wp.receiveEmbedMessage=function(e){var t=e.data;if((t||t.secret||t.message||t.value)&&!\/[^a-zA-Z0-9]\/.test(t.secret)){for(var s,r,n,a=l.querySelectorAll('iframe[data-secret=\"'+t.secret+'\"]'),o=l.querySelectorAll('blockquote[data-secret=\"'+t.secret+'\"]'),c=new RegExp(\"^https?:$\",\"i\"),i=0;i<o.length;i++)o[i].style.display=\"none\";for(i=0;i<a.length;i++)s=a[i],e.source===s.contentWindow&&(s.removeAttribute(\"style\"),\"height\"===t.message?(1e3<(r=parseInt(t.value,10))?r=1e3:~~r<200&&(r=200),s.height=r):\"link\"===t.message&&(r=new URL(s.getAttribute(\"src\")),n=new URL(t.value),c.test(n.protocol))&&n.host===r.host&&l.activeElement===s&&(d.top.location.href=t.value))}},d.addEventListener(\"message\",d.wp.receiveEmbedMessage,!1),l.addEventListener(\"DOMContentLoaded\",function(){for(var e,t,s=l.querySelectorAll(\"iframe.wp-embedded-content\"),r=0;r<s.length;r++)(t=(e=s[r]).getAttribute(\"data-secret\"))||(t=Math.random().toString(36).substring(2,12),e.src+=\"#?secret=\"+t,e.setAttribute(\"data-secret\",t)),e.contentWindow.postMessage({message:\"ready\",secret:t},\"*\")},!1)))}(window,document);\n\/\/# sourceURL=https:\/\/vientosur.unla.edu.ar\/wp-includes\/js\/wp-embed.min.js\n<\/script>\n","thumbnail_url":"https:\/\/vientosur.unla.edu.ar\/wp-content\/uploads\/2016\/08\/timthumb.jpg","thumbnail_width":1500,"thumbnail_height":972,"description":"El 9 de julio de 1947, con gran despliegue oficial, se promulg\u00f3 en la misma Casa Hist\u00f3rica de Tucum\u00e1n donde se hab\u00eda declarado en 1816 la Independencia Pol\u00edtica, el Acta de la Independencia Econ\u00f3mica. Hac\u00eda casi un a\u00f1o y medio que Juan Domingo Per\u00f3n hab\u00eda sido elegido Presidente de la Naci\u00f3n, acompa\u00f1ado en la Vicepresidencia [&hellip;]"}